{"id":1118,"date":"2018-08-31T13:05:54","date_gmt":"2018-08-31T16:05:54","guid":{"rendered":"https:\/\/ifdroca-rng.infd.edu.ar\/sitio\/formacion-permanente\/"},"modified":"2026-03-17T16:29:43","modified_gmt":"2026-03-17T19:29:43","slug":"formacion-permanente","status":"publish","type":"page","link":"https:\/\/ifdroca-rng.infd.edu.ar\/sitio\/formacion-permanente\/","title":{"rendered":"Formaci\u00f3n Permanente"},"content":{"rendered":"<div class=\"wp-block-image\">\n<figure class=\"aligncenter size-full\"><img decoding=\"async\" loading=\"lazy\" width=\"800\" height=\"120\" src=\"https:\/\/ifdroca-rng.infd.edu.ar\/sitio\/wp-content\/uploads\/2025\/06\/FORMACION-PERMANENTE-.png\" alt=\"\" class=\"wp-image-5505\" srcset=\"https:\/\/ifdroca-rng.infd.edu.ar\/sitio\/wp-content\/uploads\/2025\/06\/FORMACION-PERMANENTE-.png 800w, https:\/\/ifdroca-rng.infd.edu.ar\/sitio\/wp-content\/uploads\/2025\/06\/FORMACION-PERMANENTE--768x115.png 768w\" sizes=\"(max-width: 800px) 100vw, 800px\" \/><\/figure><\/div>\n\n<h5 style=\"text-align: center;\">Coordinadora de formaci\u00f3n Permanente: Andrea Junco<\/h5>\n<h5 style=\"text-align: center;\">Email de contacto: <strong>formacionpermanente@ifdcroca.edu.ar<\/strong><\/h5>\n<h5 style=\"text-align: center;\">&nbsp;<\/h5>\n\n\n<h5 class=\"wp-block-heading has-text-align-center\">Desde el a\u00f1o 1988 la Formaci\u00f3n Permanente es parte de las funciones de docentes de&nbsp; IFDC. La misma est\u00e1 orientada a brindar actualizaci\u00f3n y acompa\u00f1amiento pedag\u00f3gico en las diferentes disciplinas a las\/los docentes, y proporcionar instancias de an\u00e1lisis y reflexi\u00f3n de las pr\u00e1cticas de ense\u00f1anza en las cuales intervienen. Todo ello a trav\u00e9s de dispositivos establecidos por el Consejo de Formaci\u00f3n Permanente, \u00f3rgano integrado por la Direcci\u00f3n de Educaci\u00f3n Superior y coordinadores de FP de los 10 IFDC de la provincia.<\/h5>\n\n\n\n<hr class=\"wp-block-separator has-alpha-channel-opacity\"\/>\n\n\n\n<p><strong>L\u00cdNEAS DE ACCI\u00d3N UNIVERSALES<\/strong><\/p>\n\n\n\n<pre class=\"wp-block-preformatted\">Escritura de las gu\u00edas de Orientaciones para las Instancias de Formaci\u00f3n en el marco de las Jornadas Institucionales 2024. Plan de Fortalecimiento Institucional: Modalidad J\u00f3venes y Adultos.<\/pre>\n\n\n\n<pre class=\"wp-block-preformatted\">Responsable<strong>:<\/strong><\/pre>\n\n\n\n<ul>\n<li>Andrea Junco<\/li>\n<\/ul>\n\n\n\n<hr class=\"wp-block-separator has-alpha-channel-opacity\"\/>\n\n\n\n<pre class=\"wp-block-preformatted\"><\/pre>\n\n\n\n<h5 class=\"wp-block-heading has-text-align-center\"><strong>L\u00cdNEAS DE ACCI\u00d3N INTENSIVAS<\/strong><\/h5>\n\n\n\n<hr class=\"wp-block-separator has-alpha-channel-opacity\"\/>\n\n\n\n<pre class=\"wp-block-preformatted\"><\/pre>\n\n\n\n<hr class=\"wp-block-separator has-alpha-channel-opacity\"\/>\n\n\n\n<pre class=\"wp-block-preformatted\"><\/pre>\n\n\n\n<hr class=\"wp-block-separator has-alpha-channel-opacity\"\/>\n\n\n\n<pre class=\"wp-block-preformatted\"><\/pre>\n\n\n\n<hr class=\"wp-block-separator has-alpha-channel-opacity\"\/>\n\n\n\n<pre class=\"wp-block-preformatted\"><\/pre>\n\n\n<p style=\"text-align: center;\"><strong>EDUCACI\u00d3N INICIAL<\/strong><\/p>\n\n\n<pre class=\"wp-block-preformatted\"><\/pre>\n\n\n<p style=\"text-align: center;\"><strong>EDUCACI\u00d3N PRIMARIA<\/strong><\/p>\n\n\n<pre class=\"wp-block-preformatted\"><\/pre>\n\n\n\n<pre class=\"wp-block-preformatted\"><\/pre>\n\n\n\n<pre class=\"wp-block-preformatted\"><\/pre>\n\n\n\n<pre class=\"wp-block-preformatted\"><\/pre>\n\n\n\n<pre class=\"wp-block-preformatted\"><\/pre>\n\n\n\n<pre class=\"wp-block-preformatted\"><\/pre>\n\n\n\n<pre class=\"wp-block-preformatted\"><\/pre>\n\n\n\n<pre class=\"wp-block-preformatted\"><\/pre>\n\n\n<p style=\"text-align: center;\"><strong>EDUCACI\u00d3N SECUNDARIA<\/strong><\/p>\n\n\n<pre class=\"wp-block-preformatted\"><\/pre>\n\n\n\n<pre class=\"wp-block-preformatted\"><\/pre>\n\n\n\n<pre class=\"wp-block-preformatted\"><\/pre>\n\n\n\n<pre class=\"wp-block-preformatted\"><\/pre>\n\n\n\n<pre class=\"wp-block-preformatted\"><\/pre>\n\n\n\n<pre class=\"wp-block-preformatted\"><\/pre>\n","protected":false},"excerpt":{"rendered":"<p>Coordinadora de formaci\u00f3n Permanente: Andrea Junco Email de contacto: formacionpermanente@ifdcroca.edu.ar &nbsp; Desde el a\u00f1o 1988 la Formaci\u00f3n Permanente es parte de las funciones de docentes de&nbsp; IFDC. La misma est\u00e1 orientada a brindar actualizaci\u00f3n y acompa\u00f1amiento pedag\u00f3gico en las diferentes disciplinas a las\/los docentes, y proporcionar instancias de an\u00e1lisis y reflexi\u00f3n de las pr\u00e1cticas de &#8230; <a title=\"Formaci\u00f3n Permanente\" class=\"read-more\" href=\"https:\/\/ifdroca-rng.infd.edu.ar\/sitio\/formacion-permanente\/\" aria-label=\"More on Formaci\u00f3n Permanente\">[+]<\/a><\/p>\n","protected":false},"author":521,"featured_media":0,"parent":0,"menu_order":0,"comment_status":"closed","ping_status":"closed","template":"","meta":[],"acf":[],"_links":{"self":[{"href":"https:\/\/ifdroca-rng.infd.edu.ar\/sitio\/wp-json\/wp\/v2\/pages\/1118"}],"collection":[{"href":"https:\/\/ifdroca-rng.infd.edu.ar\/sitio\/wp-json\/wp\/v2\/pages"}],"about":[{"href":"https:\/\/ifdroca-rng.infd.edu.ar\/sitio\/wp-json\/wp\/v2\/types\/page"}],"author":[{"embeddable":true,"href":"https:\/\/ifdroca-rng.infd.edu.ar\/sitio\/wp-json\/wp\/v2\/users\/521"}],"replies":[{"embeddable":true,"href":"https:\/\/ifdroca-rng.infd.edu.ar\/sitio\/wp-json\/wp\/v2\/comments?post=1118"}],"version-history":[{"count":43,"href":"https:\/\/ifdroca-rng.infd.edu.ar\/sitio\/wp-json\/wp\/v2\/pages\/1118\/revisions"}],"predecessor-version":[{"id":5865,"href":"https:\/\/ifdroca-rng.infd.edu.ar\/sitio\/wp-json\/wp\/v2\/pages\/1118\/revisions\/5865"}],"wp:attachment":[{"href":"https:\/\/ifdroca-rng.infd.edu.ar\/sitio\/wp-json\/wp\/v2\/media?parent=1118"}],"curies":[{"name":"wp","href":"https:\/\/api.w.org\/{rel}","templated":true}]}}